{"id":6651,"date":"2018-06-22T10:26:19","date_gmt":"2018-06-22T14:26:19","guid":{"rendered":"https:\/\/diverso.ca\/lunchtime-concerts-downtown-destination\/"},"modified":"2026-01-28T21:41:03","modified_gmt":"2026-01-29T02:41:03","slug":"lunchtime-concerts-downtown-destination","status":"publish","type":"page","link":"https:\/\/diverso.ca\/en\/lunchtime-concerts-downtown-destination\/","title":{"rendered":"Lunchtime concerts Downtown destination"},"content":{"rendered":"<p><div class=\"fusion-fullwidth fullwidth-box fusion-builder-row-1 fusion-flex-container nonhundred-percent-fullwidth non-hundred-percent-height-scrolling\" style=\"--awb-border-radius-top-left:0px;--awb-border-radius-top-right:0px;--awb-border-radius-bottom-right:0px;--awb-border-radius-bottom-left:0px;--awb-flex-wrap:wrap;\" ><div class=\"fusion-builder-row fusion-row fusion-flex-align-items-flex-start fusion-flex-content-wrap\" style=\"max-width:104%;margin-left: calc(-4% \/ 2 );margin-right: calc(-4% \/ 2 );\"><div class=\"fusion-layout-column fusion_builder_column fusion-builder-column-0 fusion_builder_column_1_2 1_2 fusion-flex-column fusion-animated\" style=\"--awb-bg-size:cover;--awb-width-large:50%;--awb-margin-top-large:0px;--awb-spacing-right-large:3.84%;--awb-margin-bottom-large:80px;--awb-spacing-left-large:3.84%;--awb-width-medium:100%;--awb-spacing-right-medium:1.92%;--awb-spacing-left-medium:1.92%;--awb-width-small:100%;--awb-spacing-right-small:1.92%;--awb-spacing-left-small:1.92%;\" data-animationType=\"fadeInRight\" data-animationDuration=\"0.5\" data-animationOffset=\"top-into-view\"><div class=\"fusion-column-wrapper fusion-flex-justify-content-flex-start fusion-content-layout-column\"><div class=\"fusion-title title fusion-title-1 fusion-sep-none fusion-title-text fusion-title-size-one\"><h1 class=\"fusion-title-heading title-heading-left\" style=\"margin:0;\">Lunchtime concerts Downtown destination<\/h1><\/div><div class=\"fusion-text fusion-text-1\"><p>The Downtown Midday Concerts are back! Presented by Broccolini, these free musical performances take place on select Thursdays this summer from noon to 1 p.m. in Victoria Square, Montreal. This year&#8217;s featured artists are Am\u00e9, Trio TCMS, Yordan Martinez, Charles Robert, Tremblay, Justin Saladino Band, M\u00e9lissa Ouimet, and No Son Cubanos.<\/p>\n<p>Thank you to our loyal partners and sponsors: Victoria sur le parc, National Bank, Quebecor, Power Corporation of Canada, Jacques-Parizeau Building, World Trade Centre Montreal, Ivanho\u00e9 Cambridge, Caisse de d\u00e9p\u00f4t et placement du Qu\u00e9bec, and Place Victoria.<\/p>\n<\/div><div class=\"fusion-separator fusion-full-width-sep\" style=\"align-self: center;margin-left: auto;margin-right: auto;margin-bottom:10px;width:100%;\"><\/div><div ><a class=\"fusion-button button-flat fusion-button-default-size button-default fusion-button-default button-1 fusion-button-default-span fusion-button-default-type\" target=\"_blank\" rel=\"noopener noreferrer\" href=\"\/wp-content\/uploads\/2025\/09\/calendrier-2019-final.webp\"><span class=\"fusion-button-text\">Download the 2019 program<\/span><\/a><\/div><\/div><\/div><div class=\"fusion-layout-column fusion_builder_column fusion-builder-column-1 fusion_builder_column_1_2 1_2 fusion-flex-column fusion-animated\" style=\"--awb-bg-size:cover;--awb-width-large:50%;--awb-margin-top-large:0px;--awb-spacing-right-large:3.84%;--awb-margin-bottom-large:60px;--awb-spacing-left-large:3.84%;--awb-width-medium:100%;--awb-spacing-right-medium:1.92%;--awb-spacing-left-medium:1.92%;--awb-width-small:100%;--awb-spacing-right-small:1.92%;--awb-spacing-left-small:1.92%;\" data-animationType=\"fadeInLeft\" data-animationDuration=\"1.0\" data-animationOffset=\"top-into-view\"><div class=\"fusion-column-wrapper fusion-flex-justify-content-flex-start fusion-content-layout-column\"><div class=\"fusion-image-element \" style=\"text-align:center;--awb-caption-title-font-family:var(--h2_typography-font-family);--awb-caption-title-font-weight:var(--h2_typography-font-weight);--awb-caption-title-font-style:var(--h2_typography-font-style);--awb-caption-title-size:var(--h2_typography-font-size);--awb-caption-title-transform:var(--h2_typography-text-transform);--awb-caption-title-line-height:var(--h2_typography-line-height);--awb-caption-title-letter-spacing:var(--h2_typography-letter-spacing);\"><span class=\" fusion-imageframe imageframe-none imageframe-1 hover-type-none\"><img decoding=\"async\" width=\"680\" height=\"485\" alt=\"DCV Pub : Visuel promotionnel annon\u00e7ant le lancement de la 13e \u00e9dition des Concerts midi Destination centre-ville, une s\u00e9rie de concerts urbains produits par Diverso\" title=\"DCV Pub\" src=\"\/wp-content\/uploads\/2019\/07\/DCV-Pub.jpg\" class=\"img-responsive wp-image-5371\" srcset=\"https:\/\/diverso.ca\/wp-content\/uploads\/2019\/07\/DCV-Pub-200x143.jpg 200w, https:\/\/diverso.ca\/wp-content\/uploads\/2019\/07\/DCV-Pub-400x285.jpg 400w, https:\/\/diverso.ca\/wp-content\/uploads\/2019\/07\/DCV-Pub-600x428.jpg 600w, https:\/\/diverso.ca\/wp-content\/uploads\/2019\/07\/DCV-Pub.jpg?wsr 680w\" sizes=\"(max-width: 1024px) 100vw, (max-width: 640px) 100vw, 680px\" \/><\/span><\/div><\/div><\/div><\/div><\/div><div class=\"fusion-fullwidth fullwidth-box fusion-builder-row-2 fusion-flex-container nonhundred-percent-fullwidth non-hundred-percent-height-scrolling\" style=\"--awb-border-radius-top-left:0px;--awb-border-radius-top-right:0px;--awb-border-radius-bottom-right:0px;--awb-border-radius-bottom-left:0px;--awb-margin-top:100px;--awb-flex-wrap:wrap;\" ><div class=\"fusion-builder-row fusion-row fusion-flex-align-items-flex-start fusion-flex-content-wrap\" style=\"max-width:104%;margin-left: calc(-4% \/ 2 );margin-right: calc(-4% \/ 2 );\"><div class=\"fusion-layout-column fusion_builder_column fusion-builder-column-2 fusion_builder_column_1_1 1_1 fusion-flex-column fusion-animated\" style=\"--awb-bg-size:cover;--awb-width-large:100%;--awb-margin-top-large:0px;--awb-spacing-right-large:1.92%;--awb-margin-bottom-large:60px;--awb-spacing-left-large:1.92%;--awb-width-medium:100%;--awb-spacing-right-medium:1.92%;--awb-spacing-left-medium:1.92%;--awb-width-small:100%;--awb-spacing-right-small:1.92%;--awb-spacing-left-small:1.92%;\" data-animationType=\"fadeInRight\" data-animationDuration=\"0.5\" data-animationOffset=\"top-into-view\"><div class=\"fusion-column-wrapper fusion-flex-justify-content-flex-start fusion-content-layout-column\"><div class=\"fusion-title title fusion-title-2 fusion-sep-none fusion-title-center fusion-title-text fusion-title-size-two style-h1\"><h2 class=\"fusion-title-heading title-heading-center\" style=\"margin:0;\">The 2019 program<\/h2><\/div><\/div><\/div><div class=\"fusion-layout-column fusion_builder_column fusion-builder-column-3 fusion_builder_column_1_4 1_4 fusion-flex-column artist fusion-animated\" style=\"--awb-bg-size:cover;--awb-width-large:25%;--awb-margin-top-large:0px;--awb-spacing-right-large:7.68%;--awb-margin-bottom-large:100px;--awb-spacing-left-large:7.68%;--awb-width-medium:100%;--awb-spacing-right-medium:1.92%;--awb-spacing-left-medium:1.92%;--awb-width-small:100%;--awb-spacing-right-small:1.92%;--awb-spacing-left-small:1.92%;\" data-animationType=\"fadeInUp\" data-animationDuration=\"0.2\" data-animationOffset=\"top-into-view\"><div class=\"fusion-column-wrapper fusion-flex-justify-content-flex-start fusion-content-layout-column\"><div class=\"fusion-image-element \" style=\"text-align:center;--awb-caption-title-font-family:var(--h2_typography-font-family);--awb-caption-title-font-weight:var(--h2_typography-font-weight);--awb-caption-title-font-style:var(--h2_typography-font-style);--awb-caption-title-size:var(--h2_typography-font-size);--awb-caption-title-transform:var(--h2_typography-text-transform);--awb-caption-title-line-height:var(--h2_typography-line-height);--awb-caption-title-letter-spacing:var(--h2_typography-letter-spacing);\"><span class=\" fusion-imageframe imageframe-none imageframe-2 hover-type-zoomin\"><img decoding=\"async\" width=\"1006\" height=\"638\" title=\"Photo Ame\u0301\" src=\"\/wp-content\/uploads\/2019\/07\/Photo-Ame\u0301.jpg\" alt class=\"img-responsive wp-image-5363\" srcset=\"https:\/\/diverso.ca\/wp-content\/uploads\/2019\/07\/Photo-Ame\u0301-200x127.jpg 200w, https:\/\/diverso.ca\/wp-content\/uploads\/2019\/07\/Photo-Ame\u0301-400x254.jpg 400w, https:\/\/diverso.ca\/wp-content\/uploads\/2019\/07\/Photo-Ame\u0301-600x381.jpg 600w, https:\/\/diverso.ca\/wp-content\/uploads\/2019\/07\/Photo-Ame\u0301-800x507.jpg 800w, https:\/\/diverso.ca\/wp-content\/uploads\/2019\/07\/Photo-Ame\u0301.jpg?wsr 1006w\" sizes=\"(max-width: 1024px) 100vw, (max-width: 640px) 100vw, 600px\" \/><\/span><\/div><div class=\"fusion-title title fusion-title-3 fusion-sep-none fusion-title-text fusion-title-size-three\"><h3 class=\"fusion-title-heading title-heading-left\" style=\"margin:0;\">July 4<\/h3><\/div><div class=\"fusion-text fusion-text-2\"><p>Am\u00e9<\/p>\n<\/div><div class=\"fusion-separator fusion-full-width-sep\" style=\"align-self: center;margin-left: auto;margin-right: auto;margin-bottom:10px;width:100%;\"><\/div><div ><a class=\"fusion-button button-flat fusion-button-default-size button-default fusion-button-default button-2 fusion-button-default-span fusion-button-default-type\" target=\"_blank\" rel=\"noopener noreferrer\" href=\"\/wp-content\/uploads\/2019\/07\/Fiche-Ame\u0301.jpg\"><span class=\"fusion-button-text\">Artist profile<\/span><\/a><\/div><\/div><\/div><div class=\"fusion-layout-column fusion_builder_column fusion-builder-column-4 fusion_builder_column_1_4 1_4 fusion-flex-column artist fusion-animated\" style=\"--awb-bg-size:cover;--awb-width-large:25%;--awb-margin-top-large:0px;--awb-spacing-right-large:7.68%;--awb-margin-bottom-large:100px;--awb-spacing-left-large:7.68%;--awb-width-medium:100%;--awb-spacing-right-medium:1.92%;--awb-spacing-left-medium:1.92%;--awb-width-small:100%;--awb-spacing-right-small:1.92%;--awb-spacing-left-small:1.92%;\" data-animationType=\"fadeInUp\" data-animationDuration=\"0.4\" data-animationOffset=\"top-into-view\"><div class=\"fusion-column-wrapper fusion-flex-justify-content-flex-start fusion-content-layout-column\"><div class=\"fusion-image-element \" style=\"text-align:center;--awb-caption-title-font-family:var(--h2_typography-font-family);--awb-caption-title-font-weight:var(--h2_typography-font-weight);--awb-caption-title-font-style:var(--h2_typography-font-style);--awb-caption-title-size:var(--h2_typography-font-size);--awb-caption-title-transform:var(--h2_typography-text-transform);--awb-caption-title-line-height:var(--h2_typography-line-height);--awb-caption-title-letter-spacing:var(--h2_typography-letter-spacing);\"><span class=\" fusion-imageframe imageframe-none imageframe-3 hover-type-zoomin\"><img decoding=\"async\" width=\"1006\" height=\"638\" title=\"Photo Trio TCMS\" src=\"\/wp-content\/uploads\/2019\/07\/Photo-Trio-TCMS.jpg\" alt class=\"img-responsive wp-image-5364\" srcset=\"https:\/\/diverso.ca\/wp-content\/uploads\/2019\/07\/Photo-Trio-TCMS-200x127.jpg 200w, https:\/\/diverso.ca\/wp-content\/uploads\/2019\/07\/Photo-Trio-TCMS-400x254.jpg 400w, https:\/\/diverso.ca\/wp-content\/uploads\/2019\/07\/Photo-Trio-TCMS-600x381.jpg 600w, https:\/\/diverso.ca\/wp-content\/uploads\/2019\/07\/Photo-Trio-TCMS-800x507.jpg 800w, https:\/\/diverso.ca\/wp-content\/uploads\/2019\/07\/Photo-Trio-TCMS.jpg?wsr 1006w\" sizes=\"(max-width: 1024px) 100vw, (max-width: 640px) 100vw, 600px\" \/><\/span><\/div><div class=\"fusion-title title fusion-title-4 fusion-sep-none fusion-title-text fusion-title-size-three\"><h3 class=\"fusion-title-heading title-heading-left\" style=\"margin:0;\">July 11<\/h3><\/div><div class=\"fusion-text fusion-text-3\"><p>Trio TCMS<\/p>\n<\/div><div class=\"fusion-separator fusion-full-width-sep\" style=\"align-self: center;margin-left: auto;margin-right: auto;margin-bottom:10px;width:100%;\"><\/div><div ><a class=\"fusion-button button-flat fusion-button-default-size button-default fusion-button-default button-3 fusion-button-default-span fusion-button-default-type\" target=\"_blank\" rel=\"noopener noreferrer\" href=\"\/wp-content\/uploads\/2019\/07\/Fiche-Trio-TCMS.jpg\"><span class=\"fusion-button-text\">Artist profile<\/span><\/a><\/div><\/div><\/div><div class=\"fusion-layout-column fusion_builder_column fusion-builder-column-5 fusion_builder_column_1_4 1_4 fusion-flex-column artist fusion-animated\" style=\"--awb-bg-size:cover;--awb-width-large:25%;--awb-margin-top-large:0px;--awb-spacing-right-large:7.68%;--awb-margin-bottom-large:100px;--awb-spacing-left-large:7.68%;--awb-width-medium:100%;--awb-spacing-right-medium:1.92%;--awb-spacing-left-medium:1.92%;--awb-width-small:100%;--awb-spacing-right-small:1.92%;--awb-spacing-left-small:1.92%;\" data-animationType=\"fadeInUp\" data-animationDuration=\"0.6\" data-animationOffset=\"top-into-view\"><div class=\"fusion-column-wrapper fusion-flex-justify-content-flex-start fusion-content-layout-column\"><div class=\"fusion-image-element \" style=\"text-align:center;--awb-caption-title-font-family:var(--h2_typography-font-family);--awb-caption-title-font-weight:var(--h2_typography-font-weight);--awb-caption-title-font-style:var(--h2_typography-font-style);--awb-caption-title-size:var(--h2_typography-font-size);--awb-caption-title-transform:var(--h2_typography-text-transform);--awb-caption-title-line-height:var(--h2_typography-line-height);--awb-caption-title-letter-spacing:var(--h2_typography-letter-spacing);\"><span class=\" fusion-imageframe imageframe-none imageframe-4 hover-type-zoomin\"><img decoding=\"async\" width=\"1006\" height=\"638\" title=\"Photo Yordan Martinez\" src=\"\/wp-content\/uploads\/2019\/07\/Photo-Yordan-Martinez.jpg\" alt class=\"img-responsive wp-image-5365\" srcset=\"https:\/\/diverso.ca\/wp-content\/uploads\/2019\/07\/Photo-Yordan-Martinez-200x127.jpg 200w, https:\/\/diverso.ca\/wp-content\/uploads\/2019\/07\/Photo-Yordan-Martinez-400x254.jpg 400w, https:\/\/diverso.ca\/wp-content\/uploads\/2019\/07\/Photo-Yordan-Martinez-600x381.jpg 600w, https:\/\/diverso.ca\/wp-content\/uploads\/2019\/07\/Photo-Yordan-Martinez-800x507.jpg 800w, https:\/\/diverso.ca\/wp-content\/uploads\/2019\/07\/Photo-Yordan-Martinez.jpg?wsr 1006w\" sizes=\"(max-width: 1024px) 100vw, (max-width: 640px) 100vw, 600px\" \/><\/span><\/div><div class=\"fusion-title title fusion-title-5 fusion-sep-none fusion-title-text fusion-title-size-three\"><h3 class=\"fusion-title-heading title-heading-left\" style=\"margin:0;\">August 1<\/h3><\/div><div class=\"fusion-text fusion-text-4\"><p>Yordan Martinez<\/p>\n<\/div><div class=\"fusion-separator fusion-full-width-sep\" style=\"align-self: center;margin-left: auto;margin-right: auto;margin-bottom:10px;width:100%;\"><\/div><div ><a class=\"fusion-button button-flat fusion-button-default-size button-default fusion-button-default button-4 fusion-button-default-span fusion-button-default-type\" target=\"_blank\" rel=\"noopener noreferrer\" href=\"\/wp-content\/uploads\/2019\/07\/Fiche-Yordan-Martinez.jpg\"><span class=\"fusion-button-text\">Artist profile<\/span><\/a><\/div><\/div><\/div><div class=\"fusion-layout-column fusion_builder_column fusion-builder-column-6 fusion_builder_column_1_4 1_4 fusion-flex-column artist fusion-animated\" style=\"--awb-bg-size:cover;--awb-width-large:25%;--awb-margin-top-large:0px;--awb-spacing-right-large:7.68%;--awb-margin-bottom-large:100px;--awb-spacing-left-large:7.68%;--awb-width-medium:100%;--awb-spacing-right-medium:1.92%;--awb-spacing-left-medium:1.92%;--awb-width-small:100%;--awb-spacing-right-small:1.92%;--awb-spacing-left-small:1.92%;\" data-animationType=\"fadeInUp\" data-animationDuration=\"0.8\" data-animationOffset=\"top-into-view\"><div class=\"fusion-column-wrapper fusion-flex-justify-content-flex-start fusion-content-layout-column\"><div class=\"fusion-image-element \" style=\"text-align:center;--awb-caption-title-font-family:var(--h2_typography-font-family);--awb-caption-title-font-weight:var(--h2_typography-font-weight);--awb-caption-title-font-style:var(--h2_typography-font-style);--awb-caption-title-size:var(--h2_typography-font-size);--awb-caption-title-transform:var(--h2_typography-text-transform);--awb-caption-title-line-height:var(--h2_typography-line-height);--awb-caption-title-letter-spacing:var(--h2_typography-letter-spacing);\"><span class=\" fusion-imageframe imageframe-none imageframe-5 hover-type-zoomin\"><img decoding=\"async\" width=\"1006\" height=\"638\" title=\"Photo-CharlesRobert\" src=\"\/wp-content\/uploads\/2019\/07\/Photo-CharlesRobert.jpg\" alt class=\"img-responsive wp-image-5366\" srcset=\"https:\/\/diverso.ca\/wp-content\/uploads\/2019\/07\/Photo-CharlesRobert-200x127.jpg 200w, https:\/\/diverso.ca\/wp-content\/uploads\/2019\/07\/Photo-CharlesRobert-400x254.jpg 400w, https:\/\/diverso.ca\/wp-content\/uploads\/2019\/07\/Photo-CharlesRobert-600x381.jpg 600w, https:\/\/diverso.ca\/wp-content\/uploads\/2019\/07\/Photo-CharlesRobert-800x507.jpg 800w, https:\/\/diverso.ca\/wp-content\/uploads\/2019\/07\/Photo-CharlesRobert.jpg?wsr 1006w\" sizes=\"(max-width: 1024px) 100vw, (max-width: 640px) 100vw, 600px\" \/><\/span><\/div><div class=\"fusion-title title fusion-title-6 fusion-sep-none fusion-title-text fusion-title-size-three\"><h3 class=\"fusion-title-heading title-heading-left\" style=\"margin:0;\">August 8<\/h3><\/div><div class=\"fusion-text fusion-text-5\"><p>Charles Robert<\/p>\n<\/div><div class=\"fusion-separator fusion-full-width-sep\" style=\"align-self: center;margin-left: auto;margin-right: auto;margin-bottom:10px;width:100%;\"><\/div><div ><a class=\"fusion-button button-flat fusion-button-default-size button-default fusion-button-default button-5 fusion-button-default-span fusion-button-default-type\" target=\"_blank\" rel=\"noopener noreferrer\" href=\"\/wp-content\/uploads\/2019\/07\/Fiche-Charles-Robert.jpg\"><span class=\"fusion-button-text\">Artist profile<\/span><\/a><\/div><\/div><\/div><div class=\"fusion-layout-column fusion_builder_column fusion-builder-column-7 fusion_builder_column_1_4 1_4 fusion-flex-column artist fusion-animated\" style=\"--awb-bg-size:cover;--awb-width-large:25%;--awb-margin-top-large:0px;--awb-spacing-right-large:7.68%;--awb-margin-bottom-large:100px;--awb-spacing-left-large:7.68%;--awb-width-medium:100%;--awb-spacing-right-medium:1.92%;--awb-spacing-left-medium:1.92%;--awb-width-small:100%;--awb-spacing-right-small:1.92%;--awb-spacing-left-small:1.92%;\" data-animationType=\"fadeInUp\" data-animationDuration=\"0.2\" data-animationOffset=\"top-into-view\"><div class=\"fusion-column-wrapper fusion-flex-justify-content-flex-start fusion-content-layout-column\"><div class=\"fusion-image-element \" style=\"text-align:center;--awb-caption-title-font-family:var(--h2_typography-font-family);--awb-caption-title-font-weight:var(--h2_typography-font-weight);--awb-caption-title-font-style:var(--h2_typography-font-style);--awb-caption-title-size:var(--h2_typography-font-size);--awb-caption-title-transform:var(--h2_typography-text-transform);--awb-caption-title-line-height:var(--h2_typography-line-height);--awb-caption-title-letter-spacing:var(--h2_typography-letter-spacing);\"><span class=\" fusion-imageframe imageframe-none imageframe-6 hover-type-zoomin\"><img decoding=\"async\" width=\"1006\" height=\"638\" title=\"Photo Tremblay\" src=\"\/wp-content\/uploads\/2019\/07\/Photo-Tremblay.jpg\" alt class=\"img-responsive wp-image-5367\" srcset=\"https:\/\/diverso.ca\/wp-content\/uploads\/2019\/07\/Photo-Tremblay-200x127.jpg 200w, https:\/\/diverso.ca\/wp-content\/uploads\/2019\/07\/Photo-Tremblay-400x254.jpg 400w, https:\/\/diverso.ca\/wp-content\/uploads\/2019\/07\/Photo-Tremblay-600x381.jpg 600w, https:\/\/diverso.ca\/wp-content\/uploads\/2019\/07\/Photo-Tremblay-800x507.jpg 800w, https:\/\/diverso.ca\/wp-content\/uploads\/2019\/07\/Photo-Tremblay.jpg?wsr 1006w\" sizes=\"(max-width: 1024px) 100vw, (max-width: 640px) 100vw, 600px\" \/><\/span><\/div><div class=\"fusion-title title fusion-title-7 fusion-sep-none fusion-title-text fusion-title-size-three\"><h3 class=\"fusion-title-heading title-heading-left\" style=\"margin:0;\">August 15<\/h3><\/div><div class=\"fusion-text fusion-text-6\"><p>Max D Tremblay<\/p>\n<\/div><div class=\"fusion-separator fusion-full-width-sep\" style=\"align-self: center;margin-left: auto;margin-right: auto;margin-bottom:10px;width:100%;\"><\/div><div ><a class=\"fusion-button button-flat fusion-button-default-size button-default fusion-button-default button-6 fusion-button-default-span fusion-button-default-type\" target=\"_blank\" rel=\"noopener noreferrer\" href=\"\/wp-content\/uploads\/2019\/07\/Fiche-Tremblay.jpg\"><span class=\"fusion-button-text\">Artist profile<\/span><\/a><\/div><\/div><\/div><div class=\"fusion-layout-column fusion_builder_column fusion-builder-column-8 fusion_builder_column_1_4 1_4 fusion-flex-column artist fusion-animated\" style=\"--awb-bg-size:cover;--awb-width-large:25%;--awb-margin-top-large:0px;--awb-spacing-right-large:7.68%;--awb-margin-bottom-large:100px;--awb-spacing-left-large:7.68%;--awb-width-medium:100%;--awb-spacing-right-medium:1.92%;--awb-spacing-left-medium:1.92%;--awb-width-small:100%;--awb-spacing-right-small:1.92%;--awb-spacing-left-small:1.92%;\" data-animationType=\"fadeInUp\" data-animationDuration=\"0.4\" data-animationOffset=\"top-into-view\"><div class=\"fusion-column-wrapper fusion-flex-justify-content-flex-start fusion-content-layout-column\"><div class=\"fusion-image-element \" style=\"text-align:center;--awb-caption-title-font-family:var(--h2_typography-font-family);--awb-caption-title-font-weight:var(--h2_typography-font-weight);--awb-caption-title-font-style:var(--h2_typography-font-style);--awb-caption-title-size:var(--h2_typography-font-size);--awb-caption-title-transform:var(--h2_typography-text-transform);--awb-caption-title-line-height:var(--h2_typography-line-height);--awb-caption-title-letter-spacing:var(--h2_typography-letter-spacing);\"><span class=\" fusion-imageframe imageframe-none imageframe-7 hover-type-zoomin\"><img decoding=\"async\" width=\"1006\" height=\"638\" title=\"Photo Justin Saladino Band\" src=\"\/wp-content\/uploads\/2019\/07\/Photo-Justin-Saladino-Band.jpg\" alt class=\"img-responsive wp-image-5368\" srcset=\"https:\/\/diverso.ca\/wp-content\/uploads\/2019\/07\/Photo-Justin-Saladino-Band-200x127.jpg 200w, https:\/\/diverso.ca\/wp-content\/uploads\/2019\/07\/Photo-Justin-Saladino-Band-400x254.jpg 400w, https:\/\/diverso.ca\/wp-content\/uploads\/2019\/07\/Photo-Justin-Saladino-Band-600x381.jpg 600w, https:\/\/diverso.ca\/wp-content\/uploads\/2019\/07\/Photo-Justin-Saladino-Band-800x507.jpg 800w, https:\/\/diverso.ca\/wp-content\/uploads\/2019\/07\/Photo-Justin-Saladino-Band.jpg?wsr 1006w\" sizes=\"(max-width: 1024px) 100vw, (max-width: 640px) 100vw, 600px\" \/><\/span><\/div><div class=\"fusion-title title fusion-title-8 fusion-sep-none fusion-title-text fusion-title-size-three\"><h3 class=\"fusion-title-heading title-heading-left\" style=\"margin:0;\">August 22<\/h3><\/div><div class=\"fusion-text fusion-text-7\"><p>Justin Saladino Band<\/p>\n<\/div><div class=\"fusion-separator fusion-full-width-sep\" style=\"align-self: center;margin-left: auto;margin-right: auto;margin-bottom:10px;width:100%;\"><\/div><div ><a class=\"fusion-button button-flat fusion-button-default-size button-default fusion-button-default button-7 fusion-button-default-span fusion-button-default-type\" target=\"_blank\" rel=\"noopener noreferrer\" href=\"\/wp-content\/uploads\/2019\/07\/Fiche-Justin-Saladino-Band.jpg\"><span class=\"fusion-button-text\">Artist profile<\/span><\/a><\/div><\/div><\/div><div class=\"fusion-layout-column fusion_builder_column fusion-builder-column-9 fusion_builder_column_1_4 1_4 fusion-flex-column artist fusion-animated\" style=\"--awb-bg-size:cover;--awb-width-large:25%;--awb-margin-top-large:0px;--awb-spacing-right-large:7.68%;--awb-margin-bottom-large:100px;--awb-spacing-left-large:7.68%;--awb-width-medium:100%;--awb-spacing-right-medium:1.92%;--awb-spacing-left-medium:1.92%;--awb-width-small:100%;--awb-spacing-right-small:1.92%;--awb-spacing-left-small:1.92%;\" data-animationType=\"fadeInUp\" data-animationDuration=\"0.6\" data-animationOffset=\"top-into-view\"><div class=\"fusion-column-wrapper fusion-flex-justify-content-flex-start fusion-content-layout-column\"><div class=\"fusion-image-element \" style=\"text-align:center;--awb-caption-title-font-family:var(--h2_typography-font-family);--awb-caption-title-font-weight:var(--h2_typography-font-weight);--awb-caption-title-font-style:var(--h2_typography-font-style);--awb-caption-title-size:var(--h2_typography-font-size);--awb-caption-title-transform:var(--h2_typography-text-transform);--awb-caption-title-line-height:var(--h2_typography-line-height);--awb-caption-title-letter-spacing:var(--h2_typography-letter-spacing);\"><span class=\" fusion-imageframe imageframe-none imageframe-8 hover-type-zoomin\"><img decoding=\"async\" width=\"1006\" height=\"638\" title=\"Photo Melissa Ouimet\" src=\"\/wp-content\/uploads\/2019\/07\/Photo-Melissa-Ouimet-.jpg\" alt class=\"img-responsive wp-image-5369\" srcset=\"https:\/\/diverso.ca\/wp-content\/uploads\/2019\/07\/Photo-Melissa-Ouimet--200x127.jpg 200w, https:\/\/diverso.ca\/wp-content\/uploads\/2019\/07\/Photo-Melissa-Ouimet--400x254.jpg 400w, https:\/\/diverso.ca\/wp-content\/uploads\/2019\/07\/Photo-Melissa-Ouimet--600x381.jpg 600w, https:\/\/diverso.ca\/wp-content\/uploads\/2019\/07\/Photo-Melissa-Ouimet--800x507.jpg 800w, https:\/\/diverso.ca\/wp-content\/uploads\/2019\/07\/Photo-Melissa-Ouimet-.jpg?wsr 1006w\" sizes=\"(max-width: 1024px) 100vw, (max-width: 640px) 100vw, 600px\" \/><\/span><\/div><div class=\"fusion-title title fusion-title-9 fusion-sep-none fusion-title-text fusion-title-size-three\"><h3 class=\"fusion-title-heading title-heading-left\" style=\"margin:0;\">August 29<\/h3><\/div><div class=\"fusion-text fusion-text-8\"><p>M\u00e9lissa Ouimet<\/p>\n<\/div><div class=\"fusion-separator fusion-full-width-sep\" style=\"align-self: center;margin-left: auto;margin-right: auto;margin-bottom:10px;width:100%;\"><\/div><div ><a class=\"fusion-button button-flat fusion-button-default-size button-default fusion-button-default button-8 fusion-button-default-span fusion-button-default-type\" target=\"_blank\" rel=\"noopener noreferrer\" href=\"\/wp-content\/uploads\/2019\/07\/Fiche-Me\u0301lissa-Ouimet.jpg\"><span class=\"fusion-button-text\">Artist profile<\/span><\/a><\/div><\/div><\/div><div class=\"fusion-layout-column fusion_builder_column fusion-builder-column-10 fusion_builder_column_1_4 1_4 fusion-flex-column artist fusion-animated\" style=\"--awb-bg-size:cover;--awb-width-large:25%;--awb-margin-top-large:0px;--awb-spacing-right-large:7.68%;--awb-margin-bottom-large:100px;--awb-spacing-left-large:7.68%;--awb-width-medium:100%;--awb-spacing-right-medium:1.92%;--awb-spacing-left-medium:1.92%;--awb-width-small:100%;--awb-spacing-right-small:1.92%;--awb-spacing-left-small:1.92%;\" data-animationType=\"fadeInUp\" data-animationDuration=\"0.8\" data-animationOffset=\"top-into-view\"><div class=\"fusion-column-wrapper fusion-flex-justify-content-flex-start fusion-content-layout-column\"><div class=\"fusion-image-element \" style=\"text-align:center;--awb-caption-title-font-family:var(--h2_typography-font-family);--awb-caption-title-font-weight:var(--h2_typography-font-weight);--awb-caption-title-font-style:var(--h2_typography-font-style);--awb-caption-title-size:var(--h2_typography-font-size);--awb-caption-title-transform:var(--h2_typography-text-transform);--awb-caption-title-line-height:var(--h2_typography-line-height);--awb-caption-title-letter-spacing:var(--h2_typography-letter-spacing);\"><span class=\" fusion-imageframe imageframe-none imageframe-9 hover-type-zoomin\"><img decoding=\"async\" width=\"1006\" height=\"638\" title=\"Cubanos-3\" src=\"\/wp-content\/uploads\/2019\/07\/Cubanos-3.jpg\" alt class=\"img-responsive wp-image-5370\" srcset=\"https:\/\/diverso.ca\/wp-content\/uploads\/2019\/07\/Cubanos-3-200x127.jpg 200w, https:\/\/diverso.ca\/wp-content\/uploads\/2019\/07\/Cubanos-3-400x254.jpg 400w, https:\/\/diverso.ca\/wp-content\/uploads\/2019\/07\/Cubanos-3-600x381.jpg 600w, https:\/\/diverso.ca\/wp-content\/uploads\/2019\/07\/Cubanos-3-800x507.jpg 800w, https:\/\/diverso.ca\/wp-content\/uploads\/2019\/07\/Cubanos-3.jpg?wsr 1006w\" sizes=\"(max-width: 1024px) 100vw, (max-width: 640px) 100vw, 600px\" \/><\/span><\/div><div class=\"fusion-title title fusion-title-10 fusion-sep-none fusion-title-text fusion-title-size-three\"><h3 class=\"fusion-title-heading title-heading-left\" style=\"margin:0;\">September 5<\/h3><\/div><div class=\"fusion-text fusion-text-9\"><p>No Son Cubanos<\/p>\n<\/div><div class=\"fusion-separator fusion-full-width-sep\" style=\"align-self: center;margin-left: auto;margin-right: auto;margin-bottom:10px;width:100%;\"><\/div><div ><a class=\"fusion-button button-flat fusion-button-default-size button-default fusion-button-default button-9 fusion-button-default-span fusion-button-default-type\" target=\"_blank\" rel=\"noopener noreferrer\" href=\"\/wp-content\/uploads\/2019\/07\/Fiche-No-Son-Cubanos.jpg\"><span class=\"fusion-button-text\">Artist profile<\/span><\/a><\/div><\/div><\/div><\/div><\/div><\/p>\n","protected":false},"excerpt":{"rendered":"","protected":false},"author":4,"featured_media":0,"parent":0,"menu_order":0,"comment_status":"closed","ping_status":"closed","template":"100-width.php","meta":{"_acf_changed":false,"footnotes":""},"class_list":["post-6651","page","type-page","status-publish","hentry"],"acf":[],"yoast_head":"<!-- This site is optimized with the Yoast SEO plugin v23.7 - https:\/\/yoast.com\/wordpress\/plugins\/seo\/ -->\n<title>Lunchtime concerts: downtown - Diverso<\/title>\n<meta name=\"description\" content=\"The Destination Downtown Midday Concerts are free musical performances organized during the summer in Victoria Square, Montreal.\" \/>\n<meta name=\"robots\" content=\"index, follow, max-snippet:-1, max-image-preview:large, max-video-preview:-1\" \/>\n<link rel=\"canonical\" href=\"https:\/\/diverso.ca\/en\/lunchtime-concerts-downtown-destination\/\" \/>\n<meta property=\"og:locale\" content=\"en_US\" \/>\n<meta property=\"og:type\" content=\"article\" \/>\n<meta property=\"og:title\" content=\"Lunchtime concerts: downtown - Diverso\" \/>\n<meta property=\"og:description\" content=\"The Destination Downtown Midday Concerts are free musical performances organized during the summer in Victoria Square, Montreal.\" \/>\n<meta property=\"og:url\" content=\"https:\/\/diverso.ca\/en\/lunchtime-concerts-downtown-destination\/\" \/>\n<meta property=\"og:site_name\" content=\"Les Productions Diverso\" \/>\n<meta property=\"article:publisher\" content=\"https:\/\/www.facebook.com\/productions.diverso\/\" \/>\n<meta property=\"article:modified_time\" content=\"2026-01-29T02:41:03+00:00\" \/>\n<meta property=\"og:image\" content=\"https:\/\/diverso.ca\/wp-content\/uploads\/2023\/02\/fbk-Diverso2023.png?wsr\" \/>\n\t<meta property=\"og:image:width\" content=\"1200\" \/>\n\t<meta property=\"og:image:height\" content=\"630\" \/>\n\t<meta property=\"og:image:type\" content=\"image\/png\" \/>\n<meta name=\"twitter:card\" content=\"summary_large_image\" \/>\n<script type=\"application\/ld+json\" class=\"yoast-schema-graph\">{\"@context\":\"https:\/\/schema.org\",\"@graph\":[{\"@type\":\"WebPage\",\"@id\":\"https:\/\/diverso.ca\/en\/lunchtime-concerts-downtown-destination\/\",\"url\":\"https:\/\/diverso.ca\/en\/lunchtime-concerts-downtown-destination\/\",\"name\":\"Lunchtime concerts: downtown - Diverso\",\"isPartOf\":{\"@id\":\"https:\/\/diverso.ca\/en\/#website\"},\"datePublished\":\"2018-06-22T14:26:19+00:00\",\"dateModified\":\"2026-01-29T02:41:03+00:00\",\"description\":\"The Destination Downtown Midday Concerts are free musical performances organized during the summer in Victoria Square, Montreal.\",\"breadcrumb\":{\"@id\":\"https:\/\/diverso.ca\/en\/lunchtime-concerts-downtown-destination\/#breadcrumb\"},\"inLanguage\":\"en-US\",\"potentialAction\":[{\"@type\":\"ReadAction\",\"target\":[\"https:\/\/diverso.ca\/en\/lunchtime-concerts-downtown-destination\/\"]}]},{\"@type\":\"BreadcrumbList\",\"@id\":\"https:\/\/diverso.ca\/en\/lunchtime-concerts-downtown-destination\/#breadcrumb\",\"itemListElement\":[{\"@type\":\"ListItem\",\"position\":1,\"name\":\"Accueil\",\"item\":\"https:\/\/diverso.ca\/en\/\"},{\"@type\":\"ListItem\",\"position\":2,\"name\":\"Lunchtime concerts Downtown destination\"}]},{\"@type\":\"WebSite\",\"@id\":\"https:\/\/diverso.ca\/en\/#website\",\"url\":\"https:\/\/diverso.ca\/en\/\",\"name\":\"Diverso\",\"description\":\"Laissez-nous vous inspirer!\",\"publisher\":{\"@id\":\"https:\/\/diverso.ca\/en\/#organization\"},\"potentialAction\":[{\"@type\":\"SearchAction\",\"target\":{\"@type\":\"EntryPoint\",\"urlTemplate\":\"https:\/\/diverso.ca\/en\/?s={search_term_string}\"},\"query-input\":{\"@type\":\"PropertyValueSpecification\",\"valueRequired\":true,\"valueName\":\"search_term_string\"}}],\"inLanguage\":\"en-US\"},{\"@type\":\"Organization\",\"@id\":\"https:\/\/diverso.ca\/en\/#organization\",\"name\":\"Les Productions Diverso\",\"url\":\"https:\/\/diverso.ca\/en\/\",\"logo\":{\"@type\":\"ImageObject\",\"inLanguage\":\"en-US\",\"@id\":\"https:\/\/diverso.ca\/en\/#\/schema\/logo\/image\/\",\"url\":\"https:\/\/diverso.ca\/wp-content\/uploads\/2026\/04\/logo-Diverso-Retina.png\",\"contentUrl\":\"https:\/\/diverso.ca\/wp-content\/uploads\/2026\/04\/logo-Diverso-Retina.png\",\"width\":568,\"height\":136,\"caption\":\"Les Productions Diverso\"},\"image\":{\"@id\":\"https:\/\/diverso.ca\/en\/#\/schema\/logo\/image\/\"},\"sameAs\":[\"https:\/\/www.facebook.com\/productions.diverso\/\",\"https:\/\/www.linkedin.com\/company\/les-productions-diverso-inc\/posts\/?feedView=all\",\"https:\/\/vimeo.com\/diverso\"]}]}<\/script>\n<!-- \/ Yoast SEO plugin. -->","yoast_head_json":{"title":"Lunchtime concerts: downtown - Diverso","description":"The Destination Downtown Midday Concerts are free musical performances organized during the summer in Victoria Square, Montreal.","robots":{"index":"index","follow":"follow","max-snippet":"max-snippet:-1","max-image-preview":"max-image-preview:large","max-video-preview":"max-video-preview:-1"},"canonical":"https:\/\/diverso.ca\/en\/lunchtime-concerts-downtown-destination\/","og_locale":"en_US","og_type":"article","og_title":"Lunchtime concerts: downtown - Diverso","og_description":"The Destination Downtown Midday Concerts are free musical performances organized during the summer in Victoria Square, Montreal.","og_url":"https:\/\/diverso.ca\/en\/lunchtime-concerts-downtown-destination\/","og_site_name":"Les Productions Diverso","article_publisher":"https:\/\/www.facebook.com\/productions.diverso\/","article_modified_time":"2026-01-29T02:41:03+00:00","og_image":[{"width":1200,"height":630,"url":"https:\/\/diverso.ca\/wp-content\/uploads\/2023\/02\/fbk-Diverso2023.png?wsr","type":"image\/png"}],"twitter_card":"summary_large_image","schema":{"@context":"https:\/\/schema.org","@graph":[{"@type":"WebPage","@id":"https:\/\/diverso.ca\/en\/lunchtime-concerts-downtown-destination\/","url":"https:\/\/diverso.ca\/en\/lunchtime-concerts-downtown-destination\/","name":"Lunchtime concerts: downtown - Diverso","isPartOf":{"@id":"https:\/\/diverso.ca\/en\/#website"},"datePublished":"2018-06-22T14:26:19+00:00","dateModified":"2026-01-29T02:41:03+00:00","description":"The Destination Downtown Midday Concerts are free musical performances organized during the summer in Victoria Square, Montreal.","breadcrumb":{"@id":"https:\/\/diverso.ca\/en\/lunchtime-concerts-downtown-destination\/#breadcrumb"},"inLanguage":"en-US","potentialAction":[{"@type":"ReadAction","target":["https:\/\/diverso.ca\/en\/lunchtime-concerts-downtown-destination\/"]}]},{"@type":"BreadcrumbList","@id":"https:\/\/diverso.ca\/en\/lunchtime-concerts-downtown-destination\/#breadcrumb","itemListElement":[{"@type":"ListItem","position":1,"name":"Accueil","item":"https:\/\/diverso.ca\/en\/"},{"@type":"ListItem","position":2,"name":"Lunchtime concerts Downtown destination"}]},{"@type":"WebSite","@id":"https:\/\/diverso.ca\/en\/#website","url":"https:\/\/diverso.ca\/en\/","name":"Diverso","description":"Laissez-nous vous inspirer!","publisher":{"@id":"https:\/\/diverso.ca\/en\/#organization"},"potentialAction":[{"@type":"SearchAction","target":{"@type":"EntryPoint","urlTemplate":"https:\/\/diverso.ca\/en\/?s={search_term_string}"},"query-input":{"@type":"PropertyValueSpecification","valueRequired":true,"valueName":"search_term_string"}}],"inLanguage":"en-US"},{"@type":"Organization","@id":"https:\/\/diverso.ca\/en\/#organization","name":"Les Productions Diverso","url":"https:\/\/diverso.ca\/en\/","logo":{"@type":"ImageObject","inLanguage":"en-US","@id":"https:\/\/diverso.ca\/en\/#\/schema\/logo\/image\/","url":"https:\/\/diverso.ca\/wp-content\/uploads\/2026\/04\/logo-Diverso-Retina.png","contentUrl":"https:\/\/diverso.ca\/wp-content\/uploads\/2026\/04\/logo-Diverso-Retina.png","width":568,"height":136,"caption":"Les Productions Diverso"},"image":{"@id":"https:\/\/diverso.ca\/en\/#\/schema\/logo\/image\/"},"sameAs":["https:\/\/www.facebook.com\/productions.diverso\/","https:\/\/www.linkedin.com\/company\/les-productions-diverso-inc\/posts\/?feedView=all","https:\/\/vimeo.com\/diverso"]}]}},"_links":{"self":[{"href":"https:\/\/diverso.ca\/en\/wp-json\/wp\/v2\/pages\/6651"}],"collection":[{"href":"https:\/\/diverso.ca\/en\/wp-json\/wp\/v2\/pages"}],"about":[{"href":"https:\/\/diverso.ca\/en\/wp-json\/wp\/v2\/types\/page"}],"author":[{"embeddable":true,"href":"https:\/\/diverso.ca\/en\/wp-json\/wp\/v2\/users\/4"}],"replies":[{"embeddable":true,"href":"https:\/\/diverso.ca\/en\/wp-json\/wp\/v2\/comments?post=6651"}],"version-history":[{"count":4,"href":"https:\/\/diverso.ca\/en\/wp-json\/wp\/v2\/pages\/6651\/revisions"}],"predecessor-version":[{"id":7334,"href":"https:\/\/diverso.ca\/en\/wp-json\/wp\/v2\/pages\/6651\/revisions\/7334"}],"wp:attachment":[{"href":"https:\/\/diverso.ca\/en\/wp-json\/wp\/v2\/media?parent=6651"}],"curies":[{"name":"wp","href":"https:\/\/api.w.org\/{rel}","templated":true}]}}